{"id":2454,"date":"2021-09-23T11:17:56","date_gmt":"2021-09-23T11:17:56","guid":{"rendered":"https:\/\/familienunternehmen.ch\/?page_id=2454"},"modified":"2025-10-03T15:22:42","modified_gmt":"2025-10-03T15:22:42","slug":"__trashed","status":"publish","type":"page","link":"https:\/\/familienunternehmen.ch\/en\/__trashed\/","title":{"rendered":"Agenda"},"content":{"rendered":"<p>[et_pb_section fb_built=&#8221;1&#8243; _builder_version=&#8221;4.16&#8243; _module_preset=&#8221;default&#8221; background_color=&#8221;#4a615b&#8221; global_colors_info=&#8221;{}&#8221;][et_pb_row custom_padding_last_edited=&#8221;on|phone&#8221; _builder_version=&#8221;4.16&#8243; _module_preset=&#8221;default&#8221; max_width=&#8221;2560px&#8221; module_alignment=&#8221;center&#8221; custom_padding=&#8221;50px||50px||false|false&#8221; custom_padding_tablet=&#8221;25px||25px||false|false&#8221; custom_padding_phone=&#8221;10px||10px||false|false&#8221; global_colors_info=&#8221;{}&#8221;][et_pb_column type=&#8221;4_4&#8243; _builder_version=&#8221;4.16&#8243; _module_preset=&#8221;default&#8221; global_colors_info=&#8221;{}&#8221;][et_pb_text _builder_version=&#8221;4.21.0&#8243; _module_preset=&#8221;default&#8221; text_font=&#8221;Noto Serif||||||||&#8221; text_text_color=&#8221;#ffffff&#8221; text_font_size=&#8221;40px&#8221; text_letter_spacing=&#8221;1px&#8221; header_font=&#8221;Montserrat|700|||||||&#8221; background_layout=&#8221;dark&#8221; animation_style=&#8221;slide&#8221; animation_delay=&#8221;300ms&#8221; animation_intensity_slide=&#8221;10%&#8221; animation_starting_opacity=&#8221;90%&#8221; text_font_size_tablet=&#8221;30px&#8221; text_font_size_phone=&#8221;30px&#8221; text_font_size_last_edited=&#8221;on|tablet&#8221; global_colors_info=&#8221;{}&#8221;]<\/p>\n<h6>\u201cThe place to meet, network and share in 2025.\u201d<\/h6>\n<p>[\/et_pb_text][\/et_pb_column][\/et_pb_row][\/et_pb_section][et_pb_section fb_built=&#8221;1&#8243; _builder_version=&#8221;4.27.4&#8243; _module_preset=&#8221;default&#8221; background_color=&#8221;rgba(0,0,0,0.08)&#8221; custom_margin=&#8221;||-12px|||&#8221; custom_padding=&#8221;0px||107px|||&#8221; border_color_all=&#8221;#4A615B&#8221; global_colors_info=&#8221;{}&#8221;][et_pb_row admin_label=&#8221;Service Section Title&#8221; _builder_version=&#8221;4.16&#8243; width_tablet=&#8221;&#8221; width_phone=&#8221;&#8221; width_last_edited=&#8221;on|desktop&#8221; max_width=&#8221;100%&#8221; custom_padding=&#8221;49px||0px|||&#8221; animation_direction=&#8221;top&#8221; saved_tabs=&#8221;all&#8221; global_colors_info=&#8221;{}&#8221;][et_pb_column type=&#8221;4_4&#8243; _builder_version=&#8221;4.16&#8243; custom_padding=&#8221;|||&#8221; global_colors_info=&#8221;{}&#8221; custom_padding__hover=&#8221;|||&#8221;][et_pb_text admin_label=&#8221;Subtitle&#8221; _builder_version=&#8221;4.16&#8243; text_orientation=&#8221;center&#8221; module_alignment=&#8221;center&#8221; custom_margin=&#8221;||1px|||&#8221; custom_padding=&#8221;0px|||||&#8221; animation_direction=&#8221;bottom&#8221; global_colors_info=&#8221;{}&#8221;]<\/p>\n<h1>Agenda 2025<\/h1>\n<p>[\/et_pb_text][\/et_pb_column][\/et_pb_row][et_pb_row disabled_on=&#8221;off|off|off&#8221; _builder_version=&#8221;4.27.4&#8243; _module_preset=&#8221;default&#8221; background_color=&#8221;#ffffff&#8221; width_tablet=&#8221;&#8221; width_phone=&#8221;&#8221; width_last_edited=&#8221;on|desktop&#8221; max_width=&#8221;100%&#8221; custom_margin=&#8221;50px||||false|false&#8221; box_shadow_style=&#8221;preset4&#8243; box_shadow_color=&#8221;#a7a83d&#8221; global_colors_info=&#8221;{}&#8221;][et_pb_column type=&#8221;4_4&#8243; _builder_version=&#8221;4.16&#8243; _module_preset=&#8221;default&#8221; global_colors_info=&#8221;{}&#8221;][et_pb_text disabled_on=&#8221;off|off|off&#8221; _builder_version=&#8221;4.27.4&#8243; _module_preset=&#8221;default&#8221; custom_margin=&#8221;-10px|20px|20px|20px|false|false&#8221; custom_padding=&#8221;||2px|||&#8221; link_option_url_new_window=&#8221;on&#8221; global_colors_info=&#8221;{}&#8221;]<\/p>\n<h1>FBN Academy<\/h1>\n<p><\/p>\n<p><strong style=\"font-size: 16px;\">Konflikte kommen auch in den besten Familien vor!<br \/><\/strong><strong>Referentin: Franziska M\u00fcller Tiberini<br \/>Zunfthaus zur Schmiden, Marktgasse 20, 8001 Z\u00fcrich<br \/>27. August, 14:45 bis 19:00 Uhr<\/strong><\/p>\n<p><\/p>\n<p>&nbsp;<\/p>\n<p><\/p>\n<p>Konflikte in Unternehmerfamilien sind normal, bleiben aber oft unausgesprochen: Unterschiedliche Rollen, Erwartungen und Sichtweisen kollidieren mit pers\u00f6nlichen Beziehungen und unternehmerischer Verantwortung. Dieser Praxis-Workshop l\u00e4dt Sie ein, Ihr eigenes Verst\u00e4ndnis von Konflikten zu vertiefen, heikle Themen offen zu reflektieren und konkrete Werkzeuge f\u00fcr einen konstruktiven Umgang mit ihnen im famili\u00e4ren Kontext kennen zu lernen. Ich freue mich auf einen dynamischen Austausch.<\/p>\n<p><\/p>\n<p><a href=\"https:\/\/fbnswitzerland.ch\/events\/learning-circle-conflict-management-with-franziska-muller-tiberini\/\" target=\"_blank\" rel=\"noopener\">fbnswitzerland.ch<\/a><\/p>\n<p>[\/et_pb_text][\/et_pb_column][\/et_pb_row][et_pb_row disabled_on=&#8221;off|off|off&#8221; _builder_version=&#8221;4.27.4&#8243; _module_preset=&#8221;default&#8221; background_color=&#8221;#ffffff&#8221; width_tablet=&#8221;&#8221; width_phone=&#8221;&#8221; width_last_edited=&#8221;on|desktop&#8221; max_width=&#8221;100%&#8221; custom_margin=&#8221;50px||||false|false&#8221; box_shadow_style=&#8221;preset4&#8243; box_shadow_color=&#8221;#4A615B&#8221; global_colors_info=&#8221;{}&#8221;][et_pb_column type=&#8221;4_4&#8243; _builder_version=&#8221;4.16&#8243; _module_preset=&#8221;default&#8221; global_colors_info=&#8221;{}&#8221;][et_pb_text disabled_on=&#8221;off|off|off&#8221; _builder_version=&#8221;4.27.4&#8243; _module_preset=&#8221;default&#8221; custom_margin=&#8221;-10px|20px|20px|20px|false|false&#8221; custom_padding=&#8221;||2px|||&#8221; link_option_url_new_window=&#8221;on&#8221; global_colors_info=&#8221;{}&#8221;]<\/p>\n<h1>\u00a0<\/h1>\n<p><\/p>\n<h1>Swiss Family Business Conference<\/h1>\n<p><\/p>\n<p><strong>SIX ConventionPoint, Pfingstweidstrasse 110, 8005 Z\u00fcrich<br \/>27. August, 14:00 bis 20:00 Uhr<\/strong><\/p>\n<p><\/p>\n<p>&nbsp;<\/p>\n<p><\/p>\n<p>In der diesj\u00e4hrigen dritten Swiss Family Business Conference 2024 zum Thema \u00abFesthalten oder Loslassen?\u00bb (\u00abHold on or let go?\u00bb) betrachten wir die \u00abHolding-Perspektive\u00bb aus verschiedenen Blickwinkeln, darunter verhaltenspsychologische, gesellschaftsrechtliche und Aspekte der Mitarbeiterf\u00fchrung. Die Fragestellung wird nicht nur theoretisch \u2013 sondern auch mit Praxisbeispielen erl\u00e4utert.<\/p>\n<p><\/p>\n<p><a href=\"https:\/\/www.six-group.com\/de\/company\/events\/2024\/family-business-matters.html\" target=\"_blank\" rel=\"noopener\">six-group.com<\/a><\/p>\n<p>[\/et_pb_text][\/et_pb_column][\/et_pb_row][et_pb_row disabled_on=&#8221;off|off|off&#8221; _builder_version=&#8221;4.27.4&#8243; _module_preset=&#8221;default&#8221; background_color=&#8221;#ffffff&#8221; width_tablet=&#8221;&#8221; width_phone=&#8221;&#8221; width_last_edited=&#8221;on|desktop&#8221; max_width=&#8221;100%&#8221; custom_margin=&#8221;50px||||false|false&#8221; box_shadow_style=&#8221;preset4&#8243; box_shadow_color=&#8221;#a7a83d&#8221; global_colors_info=&#8221;{}&#8221;][et_pb_column type=&#8221;4_4&#8243; _builder_version=&#8221;4.16&#8243; _module_preset=&#8221;default&#8221; global_colors_info=&#8221;{}&#8221;][et_pb_text disabled_on=&#8221;off|off|off&#8221; _builder_version=&#8221;4.27.4&#8243; _module_preset=&#8221;default&#8221; custom_margin=&#8221;-10px|20px|20px|20px|false|false&#8221; custom_padding=&#8221;||2px|||&#8221; link_option_url_new_window=&#8221;on&#8221; global_colors_info=&#8221;{}&#8221;]<\/p>\n<h1>\u00a0<\/h1>\n<p><\/p>\n<h1>Business Family Forum<\/h1>\n<p><\/p>\n<p><strong>swiss export, Z\u00fcrich<br \/>30. Oktober<\/strong><\/p>\n<p><\/p>\n<p>Save the date!<\/p>\n<p><\/p>\n<p><a href=\"https:\/\/swiss-export.com\/de\/veranstaltungen\/business-family\/\" target=\"_blank\" rel=\"noopener\">swiss-export.com<\/a><\/p>\n<p>[\/et_pb_text][\/et_pb_column][\/et_pb_row][et_pb_row _builder_version=&#8221;4.21.0&#8243; _module_preset=&#8221;default&#8221; background_color=&#8221;#ffffff&#8221; width_tablet=&#8221;&#8221; width_phone=&#8221;&#8221; width_last_edited=&#8221;on|desktop&#8221; max_width=&#8221;100%&#8221; custom_margin=&#8221;50px||||false|false&#8221; box_shadow_style=&#8221;preset4&#8243; box_shadow_color=&#8221;#362C66&#8243; global_colors_info=&#8221;{}&#8221;][et_pb_column type=&#8221;4_4&#8243; _builder_version=&#8221;4.16&#8243; _module_preset=&#8221;default&#8221; global_colors_info=&#8221;{}&#8221;][et_pb_text _builder_version=&#8221;4.27.2&#8243; _module_preset=&#8221;default&#8221; custom_margin=&#8221;-10px|20px|20px|20px|false|false&#8221; custom_padding=&#8221;||2px|||&#8221; link_option_url_new_window=&#8221;on&#8221; global_colors_info=&#8221;{}&#8221;]<\/p>\n<h1>CAS Family Governance &amp; Family Office Excellence<\/h1>\n<p><\/p>\n<p><strong>Rechtswissenschaftliche Fakult\u00e4t der Universit\u00e4t Z\u00fcrich<\/strong><br \/><strong>ab September 2025<\/strong><\/p>\n<p><\/p>\n<p>Das Europainstitut Z\u00fcrich (EIZ) wird im Jahr 2025 in Zusammenarbeit mit den Expertinnen des Kompetenzzentrums Family Goverance, www.family-governance.ch, den CAS Family Governance &amp; Family Office Excellence anbieten. Der Studiengang ist eine berufsbegleitende universit\u00e4re Weiterbildung mit dem Ziel, einen \u00dcberblick \u00fcber die Grundlagen der Family Governance zu geben und vertieft die f\u00fcr die Praxis relevanten Themen zu behandeln wie: Familienverfassung und Strategie; Kommunikation und Konflikte; Eigentumsstrukturen, Gremien und Mitwirkung der Familien; Unternehmensf\u00fchrung; Recht, Steuern und viele mehr.<\/p>\n<p><\/p>\n<p><strong><a href=\"https:\/\/www.cas-eiz.uzh.ch\/de\/casfamilyoffice.html#%C3%9Cberblick\" target=\"_blank\" rel=\"noopener\">cas-eiz.uzh.ch<\/a><\/strong><\/p>\n<p>[\/et_pb_text][\/et_pb_column][\/et_pb_row][\/et_pb_section][et_pb_section fb_built=&#8221;1&#8243; inner_shadow=&#8221;on&#8221; _builder_version=&#8221;4.5.5&#8243; _module_preset=&#8221;default&#8221; background_color=&#8221;#ffffff&#8221; custom_margin=&#8221;0px||||false|false&#8221; custom_padding=&#8221;0px||||false|false&#8221; global_module=&#8221;214&#8243; saved_tabs=&#8221;all&#8221; global_colors_info=&#8221;{}&#8221;][et_pb_row column_structure=&#8221;1_4,1_2,1_4&#8243; use_custom_gutter=&#8221;on&#8221; make_equal=&#8221;on&#8221; _builder_version=&#8221;4.16&#8243; _module_preset=&#8221;default&#8221; width=&#8221;90%&#8221; max_width=&#8221;2560px&#8221; custom_margin=&#8221;||||false|false&#8221; custom_padding=&#8221;0px||||false|false&#8221; global_colors_info=&#8221;{}&#8221;][et_pb_column type=&#8221;1_4&#8243; _builder_version=&#8221;4.16&#8243; _module_preset=&#8221;default&#8221; global_colors_info=&#8221;{}&#8221;][et_pb_text _builder_version=&#8221;4.23.4&#8243; _module_preset=&#8221;default&#8221; text_font_size=&#8221;13px&#8221; text_line_height=&#8221;1.4em&#8221; custom_margin=&#8221;20px||||false|false&#8221; global_colors_info=&#8221;{}&#8221;]<\/p>\n<p>Familienunternehmen.ch AG<br \/>Kr\u00e4hb\u00fchlweg 3 <br \/>8044 Z\u00fcrich<\/p>\n<p><\/p>\n<p>+41 76 388 31 41<br \/><a href=\"mailto:info@familienunternehmen.ch\" target=\"_blank\" rel=\"noopener noreferrer\">info@familienunternehmen.ch<\/a><\/p>\n<p>[\/et_pb_text][\/et_pb_column][et_pb_column type=&#8221;1_2&#8243; _builder_version=&#8221;4.16&#8243; _module_preset=&#8221;default&#8221; background_color=&#8221;rgba(0,0,0,0)&#8221; global_colors_info=&#8221;{}&#8221;][et_pb_image src=&#8221;https:\/\/familienunternehmen.ch\/wp-content\/uploads\/familienunternehmen.ch_franziska_tiberini_mueller_logo.png&#8221; alt=&#8221;Logo Familienunternehmen Franziska M\u00fcller Tiberini&#8221; title_text=&#8221;Logo Familienunternehmen Franziska M\u00fcller Tiberini&#8221; _builder_version=&#8221;4.16&#8243; _module_preset=&#8221;default&#8221; width=&#8221;75%&#8221; module_alignment=&#8221;left&#8221; global_colors_info=&#8221;{}&#8221;][\/et_pb_image][\/et_pb_column][et_pb_column type=&#8221;1_4&#8243; _builder_version=&#8221;4.16&#8243; _module_preset=&#8221;default&#8221; background_color=&#8221;rgba(0,0,0,0)&#8221; global_colors_info=&#8221;{}&#8221;][et_pb_text _builder_version=&#8221;4.16&#8243; _module_preset=&#8221;default&#8221; text_font_size=&#8221;13px&#8221; text_line_height=&#8221;1.4em&#8221; custom_margin=&#8221;20px||||false|false&#8221; global_colors_info=&#8221;{}&#8221;]<\/p>\n<p><strong><a href=\"https:\/\/familienunternehmen.ch\/en\/newsletter-sign-up\/\" target=\"_blank\" rel=\"noopener noreferrer\" Newsletter sign up<\/a><\/strong><\/p>\n<p><\/p>\n<p><a href=\"https:\/\/familienunternehmen.ch\/Legal Notice\" target=\"_blank\" rel=\"noopener noreferrer\">Impressum<\/a><br \/> <a href=\"https:\/\/familienunternehmen.ch\/en\/datenschutz\/\" target=\"_blank\" rel=\"noopener noreferrer\">Datenschutz<\/a><\/p>\n<p>[\/et_pb_text][\/et_pb_column][\/et_pb_row][\/et_pb_section]<\/p>\n","protected":false},"excerpt":{"rendered":"<p>\u201cThe place to meet, network and share in 2025.\u201dAgenda 2025FBN AcademyKonflikte kommen auch in den besten Familien vor!Referentin: Franziska M\u00fcller TiberiniZunfthaus zur Schmiden, Marktgasse 20, 8001 Z\u00fcrich27. August, 14:45 bis 19:00 Uhr&nbsp;Konflikte in Unternehmerfamilien sind normal, bleiben aber oft unausgesprochen: Unterschiedliche Rollen, Erwartungen und Sichtweisen kollidieren mit pers\u00f6nlichen Beziehungen und unternehmerischer Verantwortung. Dieser Praxis-Workshop l\u00e4dt [&hellip;]<\/p>\n","protected":false},"author":1,"featured_media":0,"parent":0,"menu_order":0,"comment_status":"closed","ping_status":"closed","template":"","meta":{"_et_pb_use_builder":"on","_et_pb_old_content":"","_et_gb_content_width":"","footnotes":""},"class_list":["post-2454","page","type-page","status-publish","hentry"],"yoast_head":"<!-- This site is optimized with the Yoast SEO plugin v27.4 - https:\/\/yoast.com\/product\/yoast-seo-wordpress\/ -->\n<title>Agenda - familienunternehmen.ch<\/title>\n<meta name=\"description\" content=\"You will find all current events for entrepreneurial families in our agenda.\" \/>\n<meta name=\"robots\" content=\"index, follow, max-snippet:-1, max-image-preview:large, max-video-preview:-1\" \/>\n<link rel=\"canonical\" href=\"https:\/\/familienunternehmen.ch\/en\/__trashed\/\" \/>\n<meta property=\"og:locale\" content=\"en_US\" \/>\n<meta property=\"og:type\" content=\"article\" \/>\n<meta property=\"og:title\" content=\"Agenda - familienunternehmen.ch\" \/>\n<meta property=\"og:description\" content=\"You will find all current events for entrepreneurial families in our agenda.\" \/>\n<meta property=\"og:url\" content=\"https:\/\/familienunternehmen.ch\/en\/__trashed\/\" \/>\n<meta property=\"og:site_name\" content=\"familienunternehmen.ch\" \/>\n<meta property=\"article:modified_time\" content=\"2025-10-03T15:22:42+00:00\" \/>\n<meta name=\"twitter:card\" content=\"summary_large_image\" \/>\n<script type=\"application\/ld+json\" class=\"yoast-schema-graph\">{\"@context\":\"https:\\\/\\\/schema.org\",\"@graph\":[{\"@type\":\"WebPage\",\"@id\":\"https:\\\/\\\/familienunternehmen.ch\\\/en\\\/__trashed\\\/\",\"url\":\"https:\\\/\\\/familienunternehmen.ch\\\/en\\\/__trashed\\\/\",\"name\":\"Agenda - familienunternehmen.ch\",\"isPartOf\":{\"@id\":\"https:\\\/\\\/familienunternehmen.ch\\\/en\\\/#website\"},\"datePublished\":\"2021-09-23T11:17:56+00:00\",\"dateModified\":\"2025-10-03T15:22:42+00:00\",\"description\":\"You will find all current events for entrepreneurial families in our agenda.\",\"breadcrumb\":{\"@id\":\"https:\\\/\\\/familienunternehmen.ch\\\/en\\\/__trashed\\\/#breadcrumb\"},\"inLanguage\":\"en-US\",\"potentialAction\":[{\"@type\":\"ReadAction\",\"target\":[\"https:\\\/\\\/familienunternehmen.ch\\\/en\\\/__trashed\\\/\"]}]},{\"@type\":\"BreadcrumbList\",\"@id\":\"https:\\\/\\\/familienunternehmen.ch\\\/en\\\/__trashed\\\/#breadcrumb\",\"itemListElement\":[{\"@type\":\"ListItem\",\"position\":1,\"name\":\"Home\",\"item\":\"https:\\\/\\\/familienunternehmen.ch\\\/en\\\/\"},{\"@type\":\"ListItem\",\"position\":2,\"name\":\"Agenda\"}]},{\"@type\":\"WebSite\",\"@id\":\"https:\\\/\\\/familienunternehmen.ch\\\/en\\\/#website\",\"url\":\"https:\\\/\\\/familienunternehmen.ch\\\/en\\\/\",\"name\":\"familienunternehmen.ch\",\"description\":\"Franziska M\u00fcller Tiberini\",\"publisher\":{\"@id\":\"https:\\\/\\\/familienunternehmen.ch\\\/en\\\/#organization\"},\"potentialAction\":[{\"@type\":\"SearchAction\",\"target\":{\"@type\":\"EntryPoint\",\"urlTemplate\":\"https:\\\/\\\/familienunternehmen.ch\\\/en\\\/?s={search_term_string}\"},\"query-input\":{\"@type\":\"PropertyValueSpecification\",\"valueRequired\":true,\"valueName\":\"search_term_string\"}}],\"inLanguage\":\"en-US\"},{\"@type\":\"Organization\",\"@id\":\"https:\\\/\\\/familienunternehmen.ch\\\/en\\\/#organization\",\"name\":\"familienunternehmen.ch\",\"url\":\"https:\\\/\\\/familienunternehmen.ch\\\/en\\\/\",\"logo\":{\"@type\":\"ImageObject\",\"inLanguage\":\"en-US\",\"@id\":\"https:\\\/\\\/familienunternehmen.ch\\\/en\\\/#\\\/schema\\\/logo\\\/image\\\/\",\"url\":\"https:\\\/\\\/familienunternehmen.ch\\\/wp-content\\\/uploads\\\/familienunternehmen.ch_franziska_tiberini_mueller_logo.png\",\"contentUrl\":\"https:\\\/\\\/familienunternehmen.ch\\\/wp-content\\\/uploads\\\/familienunternehmen.ch_franziska_tiberini_mueller_logo.png\",\"width\":1333,\"height\":454,\"caption\":\"familienunternehmen.ch\"},\"image\":{\"@id\":\"https:\\\/\\\/familienunternehmen.ch\\\/en\\\/#\\\/schema\\\/logo\\\/image\\\/\"}}]}<\/script>\n<!-- \/ Yoast SEO plugin. -->","yoast_head_json":{"title":"Agenda - familienunternehmen.ch","description":"You will find all current events for entrepreneurial families in our agenda.","robots":{"index":"index","follow":"follow","max-snippet":"max-snippet:-1","max-image-preview":"max-image-preview:large","max-video-preview":"max-video-preview:-1"},"canonical":"https:\/\/familienunternehmen.ch\/en\/__trashed\/","og_locale":"en_US","og_type":"article","og_title":"Agenda - familienunternehmen.ch","og_description":"You will find all current events for entrepreneurial families in our agenda.","og_url":"https:\/\/familienunternehmen.ch\/en\/__trashed\/","og_site_name":"familienunternehmen.ch","article_modified_time":"2025-10-03T15:22:42+00:00","twitter_card":"summary_large_image","schema":{"@context":"https:\/\/schema.org","@graph":[{"@type":"WebPage","@id":"https:\/\/familienunternehmen.ch\/en\/__trashed\/","url":"https:\/\/familienunternehmen.ch\/en\/__trashed\/","name":"Agenda - familienunternehmen.ch","isPartOf":{"@id":"https:\/\/familienunternehmen.ch\/en\/#website"},"datePublished":"2021-09-23T11:17:56+00:00","dateModified":"2025-10-03T15:22:42+00:00","description":"You will find all current events for entrepreneurial families in our agenda.","breadcrumb":{"@id":"https:\/\/familienunternehmen.ch\/en\/__trashed\/#breadcrumb"},"inLanguage":"en-US","potentialAction":[{"@type":"ReadAction","target":["https:\/\/familienunternehmen.ch\/en\/__trashed\/"]}]},{"@type":"BreadcrumbList","@id":"https:\/\/familienunternehmen.ch\/en\/__trashed\/#breadcrumb","itemListElement":[{"@type":"ListItem","position":1,"name":"Home","item":"https:\/\/familienunternehmen.ch\/en\/"},{"@type":"ListItem","position":2,"name":"Agenda"}]},{"@type":"WebSite","@id":"https:\/\/familienunternehmen.ch\/en\/#website","url":"https:\/\/familienunternehmen.ch\/en\/","name":"familienunternehmen.ch","description":"Franziska M\u00fcller Tiberini","publisher":{"@id":"https:\/\/familienunternehmen.ch\/en\/#organization"},"potentialAction":[{"@type":"SearchAction","target":{"@type":"EntryPoint","urlTemplate":"https:\/\/familienunternehmen.ch\/en\/?s={search_term_string}"},"query-input":{"@type":"PropertyValueSpecification","valueRequired":true,"valueName":"search_term_string"}}],"inLanguage":"en-US"},{"@type":"Organization","@id":"https:\/\/familienunternehmen.ch\/en\/#organization","name":"familienunternehmen.ch","url":"https:\/\/familienunternehmen.ch\/en\/","logo":{"@type":"ImageObject","inLanguage":"en-US","@id":"https:\/\/familienunternehmen.ch\/en\/#\/schema\/logo\/image\/","url":"https:\/\/familienunternehmen.ch\/wp-content\/uploads\/familienunternehmen.ch_franziska_tiberini_mueller_logo.png","contentUrl":"https:\/\/familienunternehmen.ch\/wp-content\/uploads\/familienunternehmen.ch_franziska_tiberini_mueller_logo.png","width":1333,"height":454,"caption":"familienunternehmen.ch"},"image":{"@id":"https:\/\/familienunternehmen.ch\/en\/#\/schema\/logo\/image\/"}}]}},"_links":{"self":[{"href":"https:\/\/familienunternehmen.ch\/en\/wp-json\/wp\/v2\/pages\/2454","targetHints":{"allow":["GET"]}}],"collection":[{"href":"https:\/\/familienunternehmen.ch\/en\/wp-json\/wp\/v2\/pages"}],"about":[{"href":"https:\/\/familienunternehmen.ch\/en\/wp-json\/wp\/v2\/types\/page"}],"author":[{"embeddable":true,"href":"https:\/\/familienunternehmen.ch\/en\/wp-json\/wp\/v2\/users\/1"}],"replies":[{"embeddable":true,"href":"https:\/\/familienunternehmen.ch\/en\/wp-json\/wp\/v2\/comments?post=2454"}],"version-history":[{"count":17,"href":"https:\/\/familienunternehmen.ch\/en\/wp-json\/wp\/v2\/pages\/2454\/revisions"}],"predecessor-version":[{"id":3545,"href":"https:\/\/familienunternehmen.ch\/en\/wp-json\/wp\/v2\/pages\/2454\/revisions\/3545"}],"wp:attachment":[{"href":"https:\/\/familienunternehmen.ch\/en\/wp-json\/wp\/v2\/media?parent=2454"}],"curies":[{"name":"wp","href":"https:\/\/api.w.org\/{rel}","templated":true}]}}